{"id":643,"date":"2020-09-04T15:38:02","date_gmt":"2020-09-04T13:38:02","guid":{"rendered":"https:\/\/beuel-mirecourt.eu\/WP\/?page_id=643"},"modified":"2021-01-16T15:21:43","modified_gmt":"2021-01-16T14:21:43","slug":"histoire","status":"publish","type":"page","link":"https:\/\/beuel-mirecourt.eu\/WP\/fr\/histoire\/","title":{"rendered":"Histoire du Partenariat"},"content":{"rendered":"\t\t<div data-elementor-type=\"wp-page\" data-elementor-id=\"643\" class=\"elementor elementor-643\" data-elementor-post-type=\"page\">\n\t\t\t\t\t\t<section class=\"elementor-section elementor-top-section elementor-element elementor-element-25543f5 elementor-section-boxed elementor-section-height-default elementor-section-height-default\" data-id=\"25543f5\" data-element_type=\"section\">\n\t\t\t\t\t\t<div class=\"elementor-container elementor-column-gap-default\">\n\t\t\t\t\t<div class=\"elementor-column elementor-col-100 elementor-top-column elementor-element elementor-element-70b6a03\" data-id=\"70b6a03\" data-element_type=\"column\">\n\t\t\t<div class=\"elementor-widget-wrap elementor-element-populated\">\n\t\t\t\t\t\t<div class=\"elementor-element elementor-element-62da2fe elementor-widget elementor-widget-text-editor\" data-id=\"62da2fe\" data-element_type=\"widget\" data-widget_type=\"text-editor.default\">\n\t\t\t\t<div class=\"elementor-widget-container\">\n\t\t\t\t\t\t\t\t\t<p>Lors d&#8217;un voyage sur le Rhin en 1957, le cur\u00e9 de Mirecourt de l&#8217;\u00e9poque Jean No\u00ebl a visit\u00e9, entre autres, Schwarzrheindorf, car il se souvenait d&#8217;avoir lu le mot &#8222;Schwarzrheindorf&#8220; sur une cloche dans la tour de son \u00e9glise.<\/p><p>Comme son fr\u00e8re Karl M\u00fcller, du Bureau de Schwarzrheindorf \u00e0 l&#8217;\u00e9poque \u00e9tait tr\u00e8s occup\u00e9 par la construction de la maison\u00a0 St.Michel, ce sujet n&#8217;a pu \u00eatre repris qu&#8217;au d\u00e9but des ann\u00e9es soixante. Il a \u00e9t\u00e9 convenu de ramener \u00e0 Schwarzrheindorf la cloche\u00a0&#8222;Michel et Magdalena&#8220;, qui avait \u00e9t\u00e9 apport\u00e9e \u00e0 Mirecourt au d\u00e9but du XIXe Si\u00e8cle sous Napoleon. Une nouvelle cloche a \u00e9t\u00e9\u00a0lanc\u00e9e pour Mirecourt aux frais de L&#8217;\u00c9tat Rh\u00e9nanie-du Nord-Westphalie.<\/p>\t\t\t\t\t\t\t\t<\/div>\n\t\t\t\t<\/div>\n\t\t\t\t\t<\/div>\n\t\t<\/div>\n\t\t\t\t\t<\/div>\n\t\t<\/section>\n\t\t\t\t<section class=\"elementor-section elementor-top-section elementor-element elementor-element-9a7fc66 elementor-section-boxed elementor-section-height-default elementor-section-height-default\" data-id=\"9a7fc66\" data-element_type=\"section\">\n\t\t\t\t\t\t<div class=\"elementor-container elementor-column-gap-default\">\n\t\t\t\t\t<div class=\"elementor-column elementor-col-100 elementor-top-column elementor-element elementor-element-e87ccb4\" data-id=\"e87ccb4\" data-element_type=\"column\">\n\t\t\t<div class=\"elementor-widget-wrap elementor-element-populated\">\n\t\t\t\t\t\t<div class=\"elementor-element elementor-element-fb95bab elementor-widget elementor-widget-image\" data-id=\"fb95bab\" data-element_type=\"widget\" data-widget_type=\"image.default\">\n\t\t\t\t<div class=\"elementor-widget-container\">\n\t\t\t\t\t\t\t\t\t\t\t\t<figure class=\"wp-caption\">\n\t\t\t\t\t\t\t\t\t\t<img fetchpriority=\"high\" decoding=\"async\" width=\"800\" height=\"534\" src=\"https:\/\/beuel-mirecourt.eu\/WP\/wp-content\/uploads\/2020\/08\/glockengiesserei-1024x683.jpg\" class=\"attachment-large size-large wp-image-414\" alt=\"\" srcset=\"https:\/\/beuel-mirecourt.eu\/WP\/wp-content\/uploads\/2020\/08\/glockengiesserei-1024x683.jpg 1024w, https:\/\/beuel-mirecourt.eu\/WP\/wp-content\/uploads\/2020\/08\/glockengiesserei-300x200.jpg 300w, https:\/\/beuel-mirecourt.eu\/WP\/wp-content\/uploads\/2020\/08\/glockengiesserei-768x512.jpg 768w, https:\/\/beuel-mirecourt.eu\/WP\/wp-content\/uploads\/2020\/08\/glockengiesserei-391x260.jpg 391w, https:\/\/beuel-mirecourt.eu\/WP\/wp-content\/uploads\/2020\/08\/glockengiesserei.jpg 1500w\" sizes=\"(max-width: 800px) 100vw, 800px\" \/>\t\t\t\t\t\t\t\t\t\t\t<figcaption class=\"widget-image-caption wp-caption-text\">Fonderie de Cloche Mabilon \u00e0 Sarrebourg, o\u00f9 la cloche pour Mirecourt ont \u00e9t\u00e9 coul\u00e9es<\/figcaption>\n\t\t\t\t\t\t\t\t\t\t<\/figure>\n\t\t\t\t\t\t\t\t\t<\/div>\n\t\t\t\t<\/div>\n\t\t\t\t\t<\/div>\n\t\t<\/div>\n\t\t\t\t\t<\/div>\n\t\t<\/section>\n\t\t\t\t<section class=\"elementor-section elementor-top-section elementor-element elementor-element-61772e4 elementor-section-boxed elementor-section-height-default elementor-section-height-default\" data-id=\"61772e4\" data-element_type=\"section\">\n\t\t\t\t\t\t<div class=\"elementor-container elementor-column-gap-default\">\n\t\t\t\t\t<div class=\"elementor-column elementor-col-50 elementor-top-column elementor-element elementor-element-eb83bd6\" data-id=\"eb83bd6\" data-element_type=\"column\">\n\t\t\t<div class=\"elementor-widget-wrap elementor-element-populated\">\n\t\t\t\t\t\t<div class=\"elementor-element elementor-element-31511a6 elementor-widget elementor-widget-text-editor\" data-id=\"31511a6\" data-element_type=\"widget\" data-widget_type=\"text-editor.default\">\n\t\t\t\t<div class=\"elementor-widget-container\">\n\t\t\t\t\t\t\t\t\t<p>Elle a \u00e9t\u00e9 consacr\u00e9 \u00e0 Mirecourt en octobre 1964 et porte l&#8217;inscription suivante:<\/p><p>\u00a0&#8222;Mon nom est Johanna je prends la place de ma soeur a\u00een\u00e9e qui apr\u00e8s 170 ans d&#8217;absence, est retourne\u00e9 au clocher de\u00a0Schwarzrheindorf.<\/p><p>En 1964, j&#8217;ai \u00e9t\u00e9 fond\u00e9e \u00e0 l&#8217;initiative du P\u00e8re Karl M\u00fcller \u00e0 Schwarzrheindorf, du s\u00e9nateur Henri Parisot, maire de Mirecourt,\u00a0du chanoine Jean No\u00ebl, archipr\u00eatre de Mirecourt. J&#8217;ai pour marraine son Excellence Mme Roland de Margerie, \u00e9pouse de son Excellence l&#8217;ambassadeur de France, pour parrain M. Dr. Franz Meier, le premier Ministre de Rh\u00e9nanie-du-Nord-Westphalie. Nous chantons tous deux \u00e0 la gloire de Dieu et en gage de paix et d&#8217;harmonie des deux c\u00f4t\u00e9s du Rhin.<\/p>\t\t\t\t\t\t\t\t<\/div>\n\t\t\t\t<\/div>\n\t\t\t\t\t<\/div>\n\t\t<\/div>\n\t\t\t\t<div class=\"elementor-column elementor-col-50 elementor-top-column elementor-element elementor-element-6c965c2\" data-id=\"6c965c2\" data-element_type=\"column\">\n\t\t\t<div class=\"elementor-widget-wrap elementor-element-populated\">\n\t\t\t\t\t\t<div class=\"elementor-element elementor-element-c784281 elementor-widget elementor-widget-image\" data-id=\"c784281\" data-element_type=\"widget\" data-widget_type=\"image.default\">\n\t\t\t\t<div class=\"elementor-widget-container\">\n\t\t\t\t\t\t\t\t\t\t\t\t\t\t\t<img decoding=\"async\" width=\"800\" height=\"993\" src=\"https:\/\/beuel-mirecourt.eu\/WP\/wp-content\/uploads\/2020\/08\/Jeanne_Mirecourt-825x1024.jpg\" class=\"attachment-large size-large wp-image-437\" alt=\"\" srcset=\"https:\/\/beuel-mirecourt.eu\/WP\/wp-content\/uploads\/2020\/08\/Jeanne_Mirecourt-825x1024.jpg 825w, https:\/\/beuel-mirecourt.eu\/WP\/wp-content\/uploads\/2020\/08\/Jeanne_Mirecourt-242x300.jpg 242w, https:\/\/beuel-mirecourt.eu\/WP\/wp-content\/uploads\/2020\/08\/Jeanne_Mirecourt-768x954.jpg 768w, https:\/\/beuel-mirecourt.eu\/WP\/wp-content\/uploads\/2020\/08\/Jeanne_Mirecourt.jpg 1208w\" sizes=\"(max-width: 800px) 100vw, 800px\" \/>\t\t\t\t\t\t\t\t\t\t\t\t\t\t\t<\/div>\n\t\t\t\t<\/div>\n\t\t\t\t\t<\/div>\n\t\t<\/div>\n\t\t\t\t\t<\/div>\n\t\t<\/section>\n\t\t\t\t<section class=\"elementor-section elementor-top-section elementor-element elementor-element-e07a076 elementor-section-boxed elementor-section-height-default elementor-section-height-default\" data-id=\"e07a076\" data-element_type=\"section\">\n\t\t\t\t\t\t<div class=\"elementor-container elementor-column-gap-default\">\n\t\t\t\t\t<div class=\"elementor-column elementor-col-50 elementor-top-column elementor-element elementor-element-fd0aa33\" data-id=\"fd0aa33\" data-element_type=\"column\">\n\t\t\t<div class=\"elementor-widget-wrap elementor-element-populated\">\n\t\t\t\t\t\t<div class=\"elementor-element elementor-element-a8274e2 elementor-widget elementor-widget-image\" data-id=\"a8274e2\" data-element_type=\"widget\" data-widget_type=\"image.default\">\n\t\t\t\t<div class=\"elementor-widget-container\">\n\t\t\t\t\t\t\t\t\t\t\t\t<figure class=\"wp-caption\">\n\t\t\t\t\t\t\t\t\t\t<img decoding=\"async\" width=\"800\" height=\"561\" src=\"https:\/\/beuel-mirecourt.eu\/WP\/wp-content\/uploads\/2020\/08\/Jean_Noel_Karl_Mueller-1024x718.jpg\" class=\"attachment-large size-large wp-image-435\" alt=\"\" srcset=\"https:\/\/beuel-mirecourt.eu\/WP\/wp-content\/uploads\/2020\/08\/Jean_Noel_Karl_Mueller-1024x718.jpg 1024w, https:\/\/beuel-mirecourt.eu\/WP\/wp-content\/uploads\/2020\/08\/Jean_Noel_Karl_Mueller-300x210.jpg 300w, https:\/\/beuel-mirecourt.eu\/WP\/wp-content\/uploads\/2020\/08\/Jean_Noel_Karl_Mueller-768x538.jpg 768w, https:\/\/beuel-mirecourt.eu\/WP\/wp-content\/uploads\/2020\/08\/Jean_Noel_Karl_Mueller.jpg 1200w\" sizes=\"(max-width: 800px) 100vw, 800px\" \/>\t\t\t\t\t\t\t\t\t\t\t<figcaption class=\"widget-image-caption wp-caption-text\">Jean No\u00ebl, pr\u00eatre de Mirecourt et son fr\u00e8re Karl M\u00fcller<\/figcaption>\n\t\t\t\t\t\t\t\t\t\t<\/figure>\n\t\t\t\t\t\t\t\t\t<\/div>\n\t\t\t\t<\/div>\n\t\t\t\t<div class=\"elementor-element elementor-element-5bb4a58 elementor-widget elementor-widget-image\" data-id=\"5bb4a58\" data-element_type=\"widget\" data-widget_type=\"image.default\">\n\t\t\t\t<div class=\"elementor-widget-container\">\n\t\t\t\t\t\t\t\t\t\t\t\t<figure class=\"wp-caption\">\n\t\t\t\t\t\t\t\t\t\t<img loading=\"lazy\" decoding=\"async\" width=\"800\" height=\"534\" src=\"https:\/\/beuel-mirecourt.eu\/WP\/wp-content\/uploads\/2020\/08\/Fetsakt_10-1024x683.jpg\" class=\"attachment-large size-large wp-image-407\" alt=\"\" srcset=\"https:\/\/beuel-mirecourt.eu\/WP\/wp-content\/uploads\/2020\/08\/Fetsakt_10-1024x683.jpg 1024w, https:\/\/beuel-mirecourt.eu\/WP\/wp-content\/uploads\/2020\/08\/Fetsakt_10-300x200.jpg 300w, https:\/\/beuel-mirecourt.eu\/WP\/wp-content\/uploads\/2020\/08\/Fetsakt_10-768x512.jpg 768w, https:\/\/beuel-mirecourt.eu\/WP\/wp-content\/uploads\/2020\/08\/Fetsakt_10-391x260.jpg 391w, https:\/\/beuel-mirecourt.eu\/WP\/wp-content\/uploads\/2020\/08\/Fetsakt_10.jpg 1200w\" sizes=\"(max-width: 800px) 100vw, 800px\" \/>\t\t\t\t\t\t\t\t\t\t\t<figcaption class=\"widget-image-caption wp-caption-text\">Procession festive et b\u00e9n\u00e9diction des cloches<\/figcaption>\n\t\t\t\t\t\t\t\t\t\t<\/figure>\n\t\t\t\t\t\t\t\t\t<\/div>\n\t\t\t\t<\/div>\n\t\t\t\t<div class=\"elementor-element elementor-element-8c814ed elementor-widget elementor-widget-image\" data-id=\"8c814ed\" data-element_type=\"widget\" data-widget_type=\"image.default\">\n\t\t\t\t<div class=\"elementor-widget-container\">\n\t\t\t\t\t\t\t\t\t\t\t\t\t\t\t<img loading=\"lazy\" decoding=\"async\" width=\"717\" height=\"1024\" src=\"https:\/\/beuel-mirecourt.eu\/WP\/wp-content\/uploads\/2020\/08\/Festakt_Weihe_Glocke_2-717x1024.jpg\" class=\"attachment-large size-large wp-image-405\" alt=\"\" srcset=\"https:\/\/beuel-mirecourt.eu\/WP\/wp-content\/uploads\/2020\/08\/Festakt_Weihe_Glocke_2-717x1024.jpg 717w, https:\/\/beuel-mirecourt.eu\/WP\/wp-content\/uploads\/2020\/08\/Festakt_Weihe_Glocke_2-210x300.jpg 210w, https:\/\/beuel-mirecourt.eu\/WP\/wp-content\/uploads\/2020\/08\/Festakt_Weihe_Glocke_2-768x1097.jpg 768w, https:\/\/beuel-mirecourt.eu\/WP\/wp-content\/uploads\/2020\/08\/Festakt_Weihe_Glocke_2.jpg 840w\" sizes=\"(max-width: 717px) 100vw, 717px\" \/>\t\t\t\t\t\t\t\t\t\t\t\t\t\t\t<\/div>\n\t\t\t\t<\/div>\n\t\t\t\t\t<\/div>\n\t\t<\/div>\n\t\t\t\t<div class=\"elementor-column elementor-col-50 elementor-top-column elementor-element elementor-element-6a48a0d\" data-id=\"6a48a0d\" data-element_type=\"column\">\n\t\t\t<div class=\"elementor-widget-wrap elementor-element-populated\">\n\t\t\t\t\t\t<div class=\"elementor-element elementor-element-087b3f6 elementor-widget elementor-widget-text-editor\" data-id=\"087b3f6\" data-element_type=\"widget\" data-widget_type=\"text-editor.default\">\n\t\t\t\t<div class=\"elementor-widget-container\">\n\t\t\t\t\t\t\t\t\t<p>Fin mars 1965, le moment \u00e9tait venu pour Beuel: la\u00a0vieille cloche &#8222;Michel et Magdalena&#8220;est arriv\u00e9e \u00e0 Beuel le 27. mars, d\u00e9cor\u00e9e de form festive, avec six autres nouvelles cloches en bronze.<\/p><p>L&#8217;ancien chancelier allemand, le Dr. Konrad Adenauer, et le maire de la ville de Mirecourt Henri Parisot, ont \u00e9galement assist\u00e9 \u00e0 la c\u00e9r\u00e9monie.<\/p>\t\t\t\t\t\t\t\t<\/div>\n\t\t\t\t<\/div>\n\t\t\t\t<div class=\"elementor-element elementor-element-0a69246 elementor-widget elementor-widget-image\" data-id=\"0a69246\" data-element_type=\"widget\" data-widget_type=\"image.default\">\n\t\t\t\t<div class=\"elementor-widget-container\">\n\t\t\t\t\t\t\t\t\t\t\t\t<figure class=\"wp-caption\">\n\t\t\t\t\t\t\t\t\t\t<img loading=\"lazy\" decoding=\"async\" width=\"800\" height=\"548\" src=\"https:\/\/beuel-mirecourt.eu\/WP\/wp-content\/uploads\/2020\/08\/Festakt_Adenauer_parisot_2-1024x702.jpg\" class=\"attachment-large size-large wp-image-403\" alt=\"\" srcset=\"https:\/\/beuel-mirecourt.eu\/WP\/wp-content\/uploads\/2020\/08\/Festakt_Adenauer_parisot_2-1024x702.jpg 1024w, https:\/\/beuel-mirecourt.eu\/WP\/wp-content\/uploads\/2020\/08\/Festakt_Adenauer_parisot_2-300x206.jpg 300w, https:\/\/beuel-mirecourt.eu\/WP\/wp-content\/uploads\/2020\/08\/Festakt_Adenauer_parisot_2-768x526.jpg 768w, https:\/\/beuel-mirecourt.eu\/WP\/wp-content\/uploads\/2020\/08\/Festakt_Adenauer_parisot_2-474x324.jpg 474w, https:\/\/beuel-mirecourt.eu\/WP\/wp-content\/uploads\/2020\/08\/Festakt_Adenauer_parisot_2.jpg 1500w\" sizes=\"(max-width: 800px) 100vw, 800px\" \/>\t\t\t\t\t\t\t\t\t\t\t<figcaption class=\"widget-image-caption wp-caption-text\">L'ancien chancelier Allemand Konrad Adenauer et le maire de Mirecourt Henri Parisot 1965<\/figcaption>\n\t\t\t\t\t\t\t\t\t\t<\/figure>\n\t\t\t\t\t\t\t\t\t<\/div>\n\t\t\t\t<\/div>\n\t\t\t\t<div class=\"elementor-element elementor-element-f33ac07 elementor-widget elementor-widget-image\" data-id=\"f33ac07\" data-element_type=\"widget\" data-widget_type=\"image.default\">\n\t\t\t\t<div class=\"elementor-widget-container\">\n\t\t\t\t\t\t\t\t\t\t\t\t<figure class=\"wp-caption\">\n\t\t\t\t\t\t\t\t\t\t<img loading=\"lazy\" decoding=\"async\" width=\"800\" height=\"438\" src=\"https:\/\/beuel-mirecourt.eu\/WP\/wp-content\/uploads\/2020\/08\/Festakt-1024x560.jpg\" class=\"attachment-large size-large wp-image-472\" alt=\"\" srcset=\"https:\/\/beuel-mirecourt.eu\/WP\/wp-content\/uploads\/2020\/08\/Festakt-1024x560.jpg 1024w, https:\/\/beuel-mirecourt.eu\/WP\/wp-content\/uploads\/2020\/08\/Festakt-300x164.jpg 300w, https:\/\/beuel-mirecourt.eu\/WP\/wp-content\/uploads\/2020\/08\/Festakt-768x420.jpg 768w, https:\/\/beuel-mirecourt.eu\/WP\/wp-content\/uploads\/2020\/08\/Festakt.jpg 1200w\" sizes=\"(max-width: 800px) 100vw, 800px\" \/>\t\t\t\t\t\t\t\t\t\t\t<figcaption class=\"widget-image-caption wp-caption-text\">Le 12 Juin 1969, le contrat de jumelage entre la ville de Mirecourt et Beuel, \u00e0 l\u2019\u00e9poque encore une ville ind\u00e9pendante, a \u00e9t\u00e9 sign\u00e9.<\/figcaption>\n\t\t\t\t\t\t\t\t\t\t<\/figure>\n\t\t\t\t\t\t\t\t\t<\/div>\n\t\t\t\t<\/div>\n\t\t\t\t<div class=\"elementor-element elementor-element-8cc0b1e elementor-widget elementor-widget-image\" data-id=\"8cc0b1e\" data-element_type=\"widget\" data-widget_type=\"image.default\">\n\t\t\t\t<div class=\"elementor-widget-container\">\n\t\t\t\t\t\t\t\t\t\t\t\t\t\t\t<img loading=\"lazy\" decoding=\"async\" width=\"800\" height=\"541\" src=\"https:\/\/beuel-mirecourt.eu\/WP\/wp-content\/uploads\/2020\/09\/Beide_Urkunden-1024x693.jpg\" class=\"attachment-large size-large wp-image-645\" alt=\"\" srcset=\"https:\/\/beuel-mirecourt.eu\/WP\/wp-content\/uploads\/2020\/09\/Beide_Urkunden-1024x693.jpg 1024w, https:\/\/beuel-mirecourt.eu\/WP\/wp-content\/uploads\/2020\/09\/Beide_Urkunden-300x203.jpg 300w, https:\/\/beuel-mirecourt.eu\/WP\/wp-content\/uploads\/2020\/09\/Beide_Urkunden-768x520.jpg 768w, https:\/\/beuel-mirecourt.eu\/WP\/wp-content\/uploads\/2020\/09\/Beide_Urkunden.jpg 1200w\" sizes=\"(max-width: 800px) 100vw, 800px\" \/>\t\t\t\t\t\t\t\t\t\t\t\t\t\t\t<\/div>\n\t\t\t\t<\/div>\n\t\t\t\t\t<\/div>\n\t\t<\/div>\n\t\t\t\t\t<\/div>\n\t\t<\/section>\n\t\t\t\t<section class=\"elementor-section elementor-top-section elementor-element elementor-element-b052dad elementor-section-boxed elementor-section-height-default elementor-section-height-default\" data-id=\"b052dad\" data-element_type=\"section\">\n\t\t\t\t\t\t<div class=\"elementor-container elementor-column-gap-default\">\n\t\t\t\t\t<div class=\"elementor-column elementor-col-50 elementor-top-column elementor-element elementor-element-c9d73c8\" data-id=\"c9d73c8\" data-element_type=\"column\">\n\t\t\t<div class=\"elementor-widget-wrap elementor-element-populated\">\n\t\t\t\t\t\t<div class=\"elementor-element elementor-element-5f94107 elementor-widget elementor-widget-text-editor\" data-id=\"5f94107\" data-element_type=\"widget\" data-widget_type=\"text-editor.default\">\n\t\t\t\t<div class=\"elementor-widget-container\">\n\t\t\t\t\t\t\t\t\t<p>En 2015, une grande f\u00eate de l&#8217;amiti\u00e9 franco-allemande \u00e0 Schwarzrheindorf comm\u00e9mora le retour des cloches en mars 1965<\/p>\t\t\t\t\t\t\t\t<\/div>\n\t\t\t\t<\/div>\n\t\t\t\t\t<\/div>\n\t\t<\/div>\n\t\t\t\t<div class=\"elementor-column elementor-col-50 elementor-top-column elementor-element elementor-element-fdf2fc5\" data-id=\"fdf2fc5\" data-element_type=\"column\">\n\t\t\t<div class=\"elementor-widget-wrap elementor-element-populated\">\n\t\t\t\t\t\t<div class=\"elementor-element elementor-element-430ca6b elementor-widget elementor-widget-image\" data-id=\"430ca6b\" data-element_type=\"widget\" data-widget_type=\"image.default\">\n\t\t\t\t<div class=\"elementor-widget-container\">\n\t\t\t\t\t\t\t\t\t\t\t\t\t\t\t<img loading=\"lazy\" decoding=\"async\" width=\"1000\" height=\"1500\" src=\"https:\/\/beuel-mirecourt.eu\/WP\/wp-content\/uploads\/2020\/08\/Glockenfest-115.jpg\" class=\"attachment-full size-full wp-image-413\" alt=\"\" srcset=\"https:\/\/beuel-mirecourt.eu\/WP\/wp-content\/uploads\/2020\/08\/Glockenfest-115.jpg 1000w, https:\/\/beuel-mirecourt.eu\/WP\/wp-content\/uploads\/2020\/08\/Glockenfest-115-200x300.jpg 200w, https:\/\/beuel-mirecourt.eu\/WP\/wp-content\/uploads\/2020\/08\/Glockenfest-115-683x1024.jpg 683w, https:\/\/beuel-mirecourt.eu\/WP\/wp-content\/uploads\/2020\/08\/Glockenfest-115-768x1152.jpg 768w\" sizes=\"(max-width: 1000px) 100vw, 1000px\" \/>\t\t\t\t\t\t\t\t\t\t\t\t\t\t\t<\/div>\n\t\t\t\t<\/div>\n\t\t\t\t\t<\/div>\n\t\t<\/div>\n\t\t\t\t\t<\/div>\n\t\t<\/section>\n\t\t\t\t<section class=\"elementor-section elementor-top-section elementor-element elementor-element-7566f59 elementor-section-boxed elementor-section-height-default elementor-section-height-default\" data-id=\"7566f59\" data-element_type=\"section\">\n\t\t\t\t\t\t<div class=\"elementor-container elementor-column-gap-default\">\n\t\t\t\t\t<div class=\"elementor-column elementor-col-100 elementor-top-column elementor-element elementor-element-2438673\" data-id=\"2438673\" data-element_type=\"column\">\n\t\t\t<div class=\"elementor-widget-wrap elementor-element-populated\">\n\t\t\t\t\t\t<div class=\"elementor-element elementor-element-5aefe19 elementor-widget elementor-widget-text-editor\" data-id=\"5aefe19\" data-element_type=\"widget\" data-widget_type=\"text-editor.default\">\n\t\t\t\t<div class=\"elementor-widget-container\">\n\t\t\t\t\t\t\t\t\t<p>En 2019, le 50i\u00e8me anniversaire du jumelage Beuel \u2013 Mirecourt \u00e9tait c\u00e9l\u00e9br\u00e9.<\/p>\t\t\t\t\t\t\t\t<\/div>\n\t\t\t\t<\/div>\n\t\t\t\t<div class=\"elementor-element elementor-element-bf55adc elementor-widget elementor-widget-image\" data-id=\"bf55adc\" data-element_type=\"widget\" data-widget_type=\"image.default\">\n\t\t\t\t<div class=\"elementor-widget-container\">\n\t\t\t\t\t\t\t\t\t\t\t\t<figure class=\"wp-caption\">\n\t\t\t\t\t\t\t\t\t\t<img loading=\"lazy\" decoding=\"async\" width=\"800\" height=\"450\" src=\"https:\/\/beuel-mirecourt.eu\/WP\/wp-content\/uploads\/2020\/08\/Ente_Zug_mueller-Kopie-1-1024x576.jpg\" class=\"attachment-large size-large wp-image-400\" alt=\"\" srcset=\"https:\/\/beuel-mirecourt.eu\/WP\/wp-content\/uploads\/2020\/08\/Ente_Zug_mueller-Kopie-1-1024x576.jpg 1024w, https:\/\/beuel-mirecourt.eu\/WP\/wp-content\/uploads\/2020\/08\/Ente_Zug_mueller-Kopie-1-300x169.jpg 300w, https:\/\/beuel-mirecourt.eu\/WP\/wp-content\/uploads\/2020\/08\/Ente_Zug_mueller-Kopie-1-768x432.jpg 768w, https:\/\/beuel-mirecourt.eu\/WP\/wp-content\/uploads\/2020\/08\/Ente_Zug_mueller-Kopie-1.jpg 1500w\" sizes=\"(max-width: 800px) 100vw, 800px\" \/>\t\t\t\t\t\t\t\t\t\t\t<figcaption class=\"widget-image-caption wp-caption-text\">Groupe franco-allemand au carnaval<\/figcaption>\n\t\t\t\t\t\t\t\t\t\t<\/figure>\n\t\t\t\t\t\t\t\t\t<\/div>\n\t\t\t\t<\/div>\n\t\t\t\t<div class=\"elementor-element elementor-element-a730719 elementor-widget elementor-widget-image\" data-id=\"a730719\" data-element_type=\"widget\" data-widget_type=\"image.default\">\n\t\t\t\t<div class=\"elementor-widget-container\">\n\t\t\t\t\t\t\t\t\t\t\t\t<figure class=\"wp-caption\">\n\t\t\t\t\t\t\t\t\t\t<img loading=\"lazy\" decoding=\"async\" width=\"768\" height=\"1152\" src=\"https:\/\/beuel-mirecourt.eu\/WP\/wp-content\/uploads\/2020\/08\/Festtagskuchen_50-768x1152.jpg\" class=\"attachment-medium_large size-medium_large wp-image-406\" alt=\"\" srcset=\"https:\/\/beuel-mirecourt.eu\/WP\/wp-content\/uploads\/2020\/08\/Festtagskuchen_50-768x1152.jpg 768w, https:\/\/beuel-mirecourt.eu\/WP\/wp-content\/uploads\/2020\/08\/Festtagskuchen_50-200x300.jpg 200w, https:\/\/beuel-mirecourt.eu\/WP\/wp-content\/uploads\/2020\/08\/Festtagskuchen_50-683x1024.jpg 683w, https:\/\/beuel-mirecourt.eu\/WP\/wp-content\/uploads\/2020\/08\/Festtagskuchen_50.jpg 1000w\" sizes=\"(max-width: 768px) 100vw, 768px\" \/>\t\t\t\t\t\t\t\t\t\t\t<figcaption class=\"widget-image-caption wp-caption-text\">G\u00e2teau \u00e0 la cr\u00e8me pour la f\u00eate<\/figcaption>\n\t\t\t\t\t\t\t\t\t\t<\/figure>\n\t\t\t\t\t\t\t\t\t<\/div>\n\t\t\t\t<\/div>\n\t\t\t\t\t<\/div>\n\t\t<\/div>\n\t\t\t\t\t<\/div>\n\t\t<\/section>\n\t\t\t\t<section class=\"elementor-section elementor-top-section elementor-element elementor-element-7b083e9 elementor-section-boxed elementor-section-height-default elementor-section-height-default\" data-id=\"7b083e9\" data-element_type=\"section\">\n\t\t\t\t\t\t<div class=\"elementor-container elementor-column-gap-default\">\n\t\t\t\t\t<div class=\"elementor-column elementor-col-100 elementor-top-column elementor-element elementor-element-e4b7a6f\" data-id=\"e4b7a6f\" data-element_type=\"column\">\n\t\t\t<div class=\"elementor-widget-wrap elementor-element-populated\">\n\t\t\t\t\t\t<div class=\"elementor-element elementor-element-537e9fc elementor-widget elementor-widget-text-editor\" data-id=\"537e9fc\" data-element_type=\"widget\" data-widget_type=\"text-editor.default\">\n\t\t\t\t<div class=\"elementor-widget-container\">\n\t\t\t\t\t\t\t\t\t<p>05.09.2000, le comit\u00e9 de jumelage Beuel &#8211; Mirecourt a \u00e9t\u00e9 fond\u00e9 \u00e0 Beuel pour soutenir la villi dans ses activit\u00e9s de jumelage<\/p>\t\t\t\t\t\t\t\t<\/div>\n\t\t\t\t<\/div>\n\t\t\t\t<div class=\"elementor-element elementor-element-c87d76f elementor-widget elementor-widget-image\" data-id=\"c87d76f\" data-element_type=\"widget\" data-widget_type=\"image.default\">\n\t\t\t\t<div class=\"elementor-widget-container\">\n\t\t\t\t\t\t\t\t\t\t\t\t\t\t\t<img loading=\"lazy\" decoding=\"async\" width=\"800\" height=\"861\" src=\"https:\/\/beuel-mirecourt.eu\/WP\/wp-content\/uploads\/2020\/08\/Sticker-951x1024.jpg\" class=\"attachment-large size-large wp-image-473\" alt=\"\" srcset=\"https:\/\/beuel-mirecourt.eu\/WP\/wp-content\/uploads\/2020\/08\/Sticker-951x1024.jpg 951w, https:\/\/beuel-mirecourt.eu\/WP\/wp-content\/uploads\/2020\/08\/Sticker-279x300.jpg 279w, https:\/\/beuel-mirecourt.eu\/WP\/wp-content\/uploads\/2020\/08\/Sticker-768x827.jpg 768w, https:\/\/beuel-mirecourt.eu\/WP\/wp-content\/uploads\/2020\/08\/Sticker.jpg 1115w\" sizes=\"(max-width: 800px) 100vw, 800px\" \/>\t\t\t\t\t\t\t\t\t\t\t\t\t\t\t<\/div>\n\t\t\t\t<\/div>\n\t\t\t\t\t<\/div>\n\t\t<\/div>\n\t\t\t\t\t<\/div>\n\t\t<\/section>\n\t\t\t\t<\/div>\n\t\t","protected":false},"excerpt":{"rendered":"<p>Lors d&#8217;un voyage sur le Rhin en 1957, le cur\u00e9 de Mirecourt de l&#8217;\u00e9poque Jean No\u00ebl a visit\u00e9, entre autres, Schwarzrheindorf, car il se souvenait d&#8217;avoir lu le mot &#8222;Schwarzrheindorf&#8220; sur une cloche dans la tour de son \u00e9glise. Comme son fr\u00e8re Karl M\u00fcller, du Bureau de Schwarzrheindorf \u00e0 l&#8217;\u00e9poque \u00e9tait tr\u00e8s occup\u00e9 par la [&hellip;]<\/p>\n","protected":false},"author":1,"featured_media":0,"parent":0,"menu_order":0,"comment_status":"closed","ping_status":"closed","template":"","meta":{"footnotes":""},"class_list":["post-643","page","type-page","status-publish","hentry"],"_links":{"self":[{"href":"https:\/\/beuel-mirecourt.eu\/WP\/wp-json\/wp\/v2\/pages\/643","targetHints":{"allow":["GET"]}}],"collection":[{"href":"https:\/\/beuel-mirecourt.eu\/WP\/wp-json\/wp\/v2\/pages"}],"about":[{"href":"https:\/\/beuel-mirecourt.eu\/WP\/wp-json\/wp\/v2\/types\/page"}],"author":[{"embeddable":true,"href":"https:\/\/beuel-mirecourt.eu\/WP\/wp-json\/wp\/v2\/users\/1"}],"replies":[{"embeddable":true,"href":"https:\/\/beuel-mirecourt.eu\/WP\/wp-json\/wp\/v2\/comments?post=643"}],"version-history":[{"count":10,"href":"https:\/\/beuel-mirecourt.eu\/WP\/wp-json\/wp\/v2\/pages\/643\/revisions"}],"predecessor-version":[{"id":1886,"href":"https:\/\/beuel-mirecourt.eu\/WP\/wp-json\/wp\/v2\/pages\/643\/revisions\/1886"}],"wp:attachment":[{"href":"https:\/\/beuel-mirecourt.eu\/WP\/wp-json\/wp\/v2\/media?parent=643"}],"curies":[{"name":"wp","href":"https:\/\/api.w.org\/{rel}","templated":true}]}}