{"id":738,"date":"2020-10-16T11:10:44","date_gmt":"2020-10-16T09:10:44","guid":{"rendered":"https:\/\/beuel-mirecourt.eu\/WP\/?page_id=738"},"modified":"2021-01-16T14:29:32","modified_gmt":"2021-01-16T13:29:32","slug":"geschichte","status":"publish","type":"page","link":"https:\/\/beuel-mirecourt.eu\/WP\/vorstand-2\/geschichte\/","title":{"rendered":"Geschichte des Partnerschaftskomitees"},"content":{"rendered":"\t\t<div data-elementor-type=\"wp-page\" data-elementor-id=\"738\" class=\"elementor elementor-738\" data-elementor-post-type=\"page\">\n\t\t\t\t\t\t<section class=\"elementor-section elementor-top-section elementor-element elementor-element-d1b745b elementor-section-boxed elementor-section-height-default elementor-section-height-default\" data-id=\"d1b745b\" data-element_type=\"section\">\n\t\t\t\t\t\t<div class=\"elementor-container elementor-column-gap-default\">\n\t\t\t\t\t<div class=\"elementor-column elementor-col-100 elementor-top-column elementor-element elementor-element-3695e1a\" data-id=\"3695e1a\" data-element_type=\"column\">\n\t\t\t<div class=\"elementor-widget-wrap elementor-element-populated\">\n\t\t\t\t\t\t<div class=\"elementor-element elementor-element-fd52545 elementor-widget elementor-widget-text-editor\" data-id=\"fd52545\" data-element_type=\"widget\" data-widget_type=\"text-editor.default\">\n\t\t\t\t<div class=\"elementor-widget-container\">\n\t\t\t\t\t\t\t\t\t<p>Die St\u00e4dtepartnerschaft zwischen den beiden St\u00e4dten Mirecourt und Beuel wurde bereits 1969 begr\u00fcndet. Zun\u00e4chst wurden alle Begegnungsveranstaltungen im Rahmen der St\u00e4dtepartnerschaft zwischen den beiden St\u00e4dten unmittelbar selbst organisiert. 1991 wurde in Mirecourt das franz\u00f6sische Komitee gegr\u00fcndet, in Beuel war weiterhin die Stadtverwaltung federf\u00fchrend verantwortlich.<br \/>Der damalige Beueler Bezirksb\u00fcrgermeister (damals noch Bezirksvorsteher) Georg Fenninger initiierte dann im Jahr 2000 das Pendant und das \u201ePartnerschaftskomitee Beuel-Mirecourt\u201c wurde gegr\u00fcndet und die Eintragung in das Vereinsregister vorgenommen.<br \/>Hans Lennarz, der seit Jahren die St\u00e4dtepartnerschaft aktiv begleitet hat und den eine sehr enge Freundschaft zum franz\u00f6sischen Komiteevorsitzenden Jean-Marie Bastien und seiner Familie verband, wurde dann auf Vorschlag von Georg Fenninger zum ersten Vorsitzende des Komitees gew\u00e4hlt.<br \/>Um politisch nicht einseitig zu werden und den Gedanken der St\u00e4dtepartnerschaft auch auf ein breites Fundament zu stellen, wurde gro\u00dfen Wert auf parteipolitische Neutralit\u00e4t und Ausgeglichenheit gelegt. So wurde Konrad L\u00f6hlein, fr\u00fcherer Bezirksb\u00fcrgermeister und Amtsvorg\u00e4nger von Georg Fenninger, zum ersten stellvertretenden Vorsitzenden gew\u00e4hlt. Das Komitee, politisch neutral und v\u00f6llig unabh\u00e4ngig, sollte stets eine Plattform sein f\u00fcr Menschen, die die St\u00e4dtepartnerschaft etwas intensiver leben bzw. erleben m\u00f6chten, als das in den \u00fcblichen Austauschprogrammen m\u00f6glich ist.<br \/>Auch wenn die Initialz\u00fcndung f\u00fcr die Gr\u00fcndung des Komitees von Georg Fenninger kam, war es doch stets das Anliegen vor allem von Hans Lennarz, daf\u00fcr Sorge zu tragen, dass die St\u00e4dtepartnerschaft als wichtiger Bestandteil des gesellschaftlichen Lebens in Beuel und, mehr noch, als Friedensprojekt in mindestens unver\u00e4nderter Intensit\u00e4t und Qualit\u00e4t fortbesteht und idealerweise noch weiter vertieft wird. Die Aufgaben und der Vereinszweck des Komitees wurden in der Satzung festgelegt. Es sollte keine Konkurrenzsituation zwischen der Stadt und dem Komitee entstehen. Denn die Pflege der St\u00e4dtepartnerschaft obliegt nach der nordrhein-westf\u00e4lischen Kommunalverfassung (\u00a7 37 Abs. 1 GO NW) der zust\u00e4ndigen Bezirksvertretung.<\/p><p>Deshalb sieht sich das Komitee als \u201eadditiv\u201c zu den Aktivit\u00e4ten der Stadt, die es zus\u00e4tzlich auch unterst\u00fctzend begleitet. Das Komitee hat von Anfang an Aktivit\u00e4ten entfaltet, die \u00fcber die st\u00e4dtischen Austauschprogramme und B\u00fcrgerfahrten deutlich hinausgingen. \u00dcber die Fahrten nach Stra\u00dfburg, Br\u00fcssel und Luxemburg in den Jahren 2001 ff und andere Aktivit\u00e4ten wird zu einem sp\u00e4teren Zeitpunkt berichtet werden.<\/p><p>Allein schon mit ihrer Mitgliedschaft setzen die Komiteemitglieder ein Zeichen f\u00fcr dieses Friedensprojekt \u201eSt\u00e4dtepartnerschaft\u201c, was einen Mosaikstein des friedlichen Europas bildet. Sie engagieren sich auf vielf\u00e4ltige Weise und durch ihre Gastfreundschaft leben sie intensiv diese deutsch-franz\u00f6sische Freundschaft. Dieses Projekt, von Hans Lennarz vorgelebt und von Georg Fenninger ausgel\u00f6st, hat dazu gef\u00fchrt, dass die St\u00e4dtepartnerschaft heute mehr denn je im \u00f6ffentlichen Bewusstsein von Beuel und dar\u00fcber hinaus fest verankert ist. Das Komitee z\u00e4hlt heute zu den gr\u00f6\u00dften Vereinen in Bonn rechts des Rheines. Das ist eine wunderbare Erfolgsgeschichte!<\/p><p>Gegr\u00fcndet wurde das Partnerschaftskomitee Beuel-Mirecourt am 5. September 2000. Es gab insgesamt 42 Gr\u00fcndungsmitglieder, darunter nat\u00fcrlich auch Georg Fenninger.<\/p><p>Der damalige Vorstand setzte sich wie folgt zusammen:<br \/><u>Vorsitzender<\/u>: Hans Lennarz<br \/><u>Erster stellvertretender Vorsitzender:<\/u> Konrad L\u00f6hlein<br \/><u>Zweite stellvertretende Vorsitzende:<\/u> Erna Neubauer<br \/><u>Schatzmeisterin<\/u>: Ursula Lindlahr<br \/><u>Beisitzerinnen und Beisitzer:<\/u> Klaus Ebert, Nathalie Kopschetzky, R\u00fcdiger Korsch und Brigitte Lehmann.<\/p><p>Dieser Vorstand wurde im M\u00e4rz 2003 im Amt best\u00e4tigt, allerdings mit einer funktionalen \u00c4nderung. Schlie\u00dflich waren auch Gesch\u00e4fte des Komitees zu f\u00fchren und Protokolle zu schreiben. So \u00fcbernahm Brigitte Lehmann die Funktion der Schriftf\u00fchrerin.<br \/>2005 verabschiedete sich R\u00fcdiger Korsch aus dem Vorstand, Erna Neubauer und Ursula Lindlahr \u00fcbernahmen andere Positionen. Auch Konrad L\u00f6hlein wollte etwas Verantwortung als erster stellvertretender Vorsitzender abgeben. So blieb Hans Lennarz als \u201eMotor\u201c weiter Vorsitzender des Komitees, Klaus Ebert wurde erster stellvertretender Vorsitzender und Konrad L\u00f6hlein wurde zweiter stellvertretender Vorsitzender. Die Funktion des Schatzmeisters \u00fcbernahm Michael Urban, der neu in den Vorstand gew\u00e4hlt wurde. Brigitte Lehmann wurde als Schrift\u00fchrerin im Amt best\u00e4tigt und als Besitzerinnen wurden Nathalie Koptschetzky, Ursula Lindlahr und Erna Neubauer gew\u00e4hlt. Alle hatte ja zuvor schon Erfahrungen in anderen Vorstands\u00e4mtern des Komitees gesammelt und standen so weiter zu Verf\u00fcgung.<br \/>Der Vorstand arbeitete gut und erfolgreich, so wurde er 2007 unver\u00e4ndert in seiner Zusammensetzung best\u00e4tigt.<br \/>2009 traten Ursula Lindlahr und Erna Neubauer nicht mehr f\u00fcr eine weitere Wahlperiode an. F\u00fcr sie r\u00fcckten Raimund Beutelmann und Thomas Fricke als Beisitzer in den Vorstand nach.<br \/>2011 verabschiedete sich Konrad L\u00f6hlein als zweiter stellvertretender Vorsitzender aus dem Vorstand. Seine Position wurde von Regina Haunhorst \u00fcbernommen.<br \/>Bei der Jahreshauptversammlung im M\u00e4rz 2013 traten Nathalie Kopschetzky und Michael Urban nicht mehr f\u00fcr eine Funktion im Vorstand des Komitees zur Wahl an. Da sich die Aktivit\u00e4ten des Komitees erh\u00f6hten, gab es auch f\u00fcr die Funktion der Schatzmeister mehr Verantwortung. So entschieden sich die Komiteemitglieder, auch diese Funktion doppelt zu besetzen. Hans Lennarz, der das Komitee mittlerweile \u00fcber 10 Jahre mit viel Engagement f\u00fchrte, trat auch nicht mehr zur Wiederwahl an. \u201eIch m\u00f6chte die Verantwortung in j\u00fcngere H\u00e4nde legen,\u201c sagte er damals und warb daf\u00fcr, dass Klaus Ebert, der sich seit Jahren in der Vorstandsarbeit engagierte, zum Nachfolger gew\u00e4hlt w\u00fcrde.<\/p><p>Das Ergebnis der Vorstandswahlen auf der Jahreshauptversammlung sah dann so aus:<br \/><u>Vorsitzender<\/u>: Klaus Ebert<br \/><u>Erster stellvertretender Vorsitzender<\/u>: Thomas Fricke<br \/><u>Zweite stellvertretende Vorsitzender<\/u>: Regina Haunhorst<br \/><u>Schatzmeisterin<\/u>: Petra Nolden<br \/><u>Stellvertretende Schatzmeisterin<\/u>: Elke Lawrenz<br \/><u>Schriftf\u00fchrerin<\/u> : Brigitte Lehmann<br \/><u>Beisitzer<\/u>: Raimund Beutelmann<\/p><p><strong>Hans Lennarz<\/strong> blieb als Beisitzer im Vorstand und als Dank f\u00fcr sein gro\u00dfes Engagement wurde er zum <strong>Ehrenvorsitzenden<\/strong> ernannt. Die Mitglieder verabschiedeten ihn als Vorsitzenden mit stehenden Ovationen, seine Verdienste um die St\u00e4dtepartnerschaft sind unbestritten.<\/p><p>2015 traten Elke Lawrenz und Raimund Beutelmann nicht mehr f\u00fcr eine weitere Amtszeit an. Auf der Jahreshauptversammlung im M\u00e4rz 2015 wurde dann Michael Urban als stellvertretender Schatzmeister wieder in den Vorstand gew\u00e4hlt, Ingrid Lenze wurde ebenfalls neu in den Vorstand gew\u00e4hlt und \u00fcbernahm von Brigitte Lehmann die Funktion der Schriftf\u00fchrerin, welche als Beisitzerin weiter im Vorstand blieb. Helmut Dierks wurde als Beisitzer neu in den Vorstand gew\u00e4hlt. Hans Lennarz kandidierte nicht mehr als Beisitzer, blieb dem Vorstand als Ehrenvorsitzender weiter erhalten. 2017 wurde dieser Vorstand komplett in seinen \u00c4mtern best\u00e4tigt und wiedergew\u00e4hlt.<br \/>Erst 2019, im Jubil\u00e4umsjahr des 50-j\u00e4hrigen Jubil\u00e4ums der St\u00e4dtepartnerschaft, gab es wieder Wechsel in den Vorstands\u00e4mtern. Klaus Ebert stand ebenso wenig f\u00fcr eine weitere Amtszeit zur Verf\u00fcgung wie die beiden bisherigen Schatzmeister Petra Nolden und Michael Urban.<br \/>Neue Vorsitzende wurde Regina Haunhorst, Thomas Fricke blieb weiter erster stellvertretender Vorsitzender, Ingrid Lenze \u00fcbernahm die Funktion der zweiten stellvertretenden Vorsitzenden, Christel Mpouma wurde Schatzmeisterin und ihr Vertreter wurde Bernhard Ortner. Neue Schriftf\u00fchrerin wurde Astrid Koch und Brigitte Lehmann und Helmut Dierks blieben als Beisitzer im Amt.<\/p><p>So ist sichergestellt, dass die Erfahrung aus vielen Jahren der Vorstands- und St\u00e4dtepartnerschaftsarbeit nicht erworben geht und an neue Vorstandsmitglieder weitergegeben werden kann.<\/p>\t\t\t\t\t\t\t\t<\/div>\n\t\t\t\t<\/div>\n\t\t\t\t\t<\/div>\n\t\t<\/div>\n\t\t\t\t\t<\/div>\n\t\t<\/section>\n\t\t\t\t<\/div>\n\t\t","protected":false},"excerpt":{"rendered":"<p>Die St\u00e4dtepartnerschaft zwischen den beiden St\u00e4dten Mirecourt und Beuel wurde bereits 1969 begr\u00fcndet. Zun\u00e4chst wurden alle Begegnungsveranstaltungen im Rahmen der St\u00e4dtepartnerschaft zwischen den beiden St\u00e4dten unmittelbar selbst organisiert. 1991 wurde in Mirecourt das franz\u00f6sische Komitee gegr\u00fcndet, in Beuel war weiterhin die Stadtverwaltung federf\u00fchrend verantwortlich.Der damalige Beueler Bezirksb\u00fcrgermeister (damals noch Bezirksvorsteher) Georg Fenninger initiierte dann im [&hellip;]<\/p>\n","protected":false},"author":1,"featured_media":0,"parent":90,"menu_order":0,"comment_status":"closed","ping_status":"closed","template":"","meta":{"footnotes":""},"class_list":["post-738","page","type-page","status-publish","hentry"],"_links":{"self":[{"href":"https:\/\/beuel-mirecourt.eu\/WP\/wp-json\/wp\/v2\/pages\/738","targetHints":{"allow":["GET"]}}],"collection":[{"href":"https:\/\/beuel-mirecourt.eu\/WP\/wp-json\/wp\/v2\/pages"}],"about":[{"href":"https:\/\/beuel-mirecourt.eu\/WP\/wp-json\/wp\/v2\/types\/page"}],"author":[{"embeddable":true,"href":"https:\/\/beuel-mirecourt.eu\/WP\/wp-json\/wp\/v2\/users\/1"}],"replies":[{"embeddable":true,"href":"https:\/\/beuel-mirecourt.eu\/WP\/wp-json\/wp\/v2\/comments?post=738"}],"version-history":[{"count":9,"href":"https:\/\/beuel-mirecourt.eu\/WP\/wp-json\/wp\/v2\/pages\/738\/revisions"}],"predecessor-version":[{"id":1858,"href":"https:\/\/beuel-mirecourt.eu\/WP\/wp-json\/wp\/v2\/pages\/738\/revisions\/1858"}],"up":[{"embeddable":true,"href":"https:\/\/beuel-mirecourt.eu\/WP\/wp-json\/wp\/v2\/pages\/90"}],"wp:attachment":[{"href":"https:\/\/beuel-mirecourt.eu\/WP\/wp-json\/wp\/v2\/media?parent=738"}],"curies":[{"name":"wp","href":"https:\/\/api.w.org\/{rel}","templated":true}]}}